{"id":33628,"date":"2024-05-02T10:49:07","date_gmt":"2024-05-02T07:49:07","guid":{"rendered":"https:\/\/textil.md\/?post_type=product&#038;p=33628"},"modified":"2026-03-25T11:20:58","modified_gmt":"2026-03-25T08:20:58","slug":"fata-de-masa-150240cm-100-bumbac-13","status":"publish","type":"product","link":"https:\/\/textil.md\/?product=fata-de-masa-150240cm-100-bumbac-13","title":{"rendered":"Fa\u021b\u0103 de mas\u0103 150*240cm, 100% bumbac"},"content":{"rendered":"<p>Transform\u0103-\u021bi masa \u00eentr-o oper\u0103 de art\u0103 autentic\u0103 \u0219i plin\u0103 de tradi\u021bie cu fa\u021ba noastr\u0103 de mas\u0103 din bumbac, o pies\u0103 ce \u00eembin\u0103 frumuse\u021bea ornamentelor tradi\u021bionale moldovene\u0219ti cu calitatea \u0219i aten\u021bia la detalii.<\/p>\n<p>Cu dimensiunile sale de 150*240cm, aceast\u0103 fa\u021b\u0103 de mas\u0103 este perfect\u0103 pentru a completa orice decor, fie c\u0103 este vorba de \u00eent\u00e2lniri festive sau de momente intime \u00een familie. Ambalat\u0103 cu grij\u0103 \u00eentr-un ambalaj de tip cadou, aceast\u0103 fa\u021b\u0103 de mas\u0103 este ideal\u0103 pentru a fi oferit\u0103 celor dragi, reprezent\u00e2nd un gest de afec\u021biune \u0219i pre\u021buire.<\/p>\n<p>Certificat\u0103 conform standardelor OEKO-TEX 100 \u0219i ISO 9001, aceast\u0103 fa\u021b\u0103 de mas\u0103 garanteaz\u0103 nu doar elegan\u021b\u0103, ci \u0219i siguran\u021b\u0103 \u0219i calitate superioar\u0103. Fiecare aspect al acestei piese este conceput cu cea mai mare aten\u021bie \u0219i respect fa\u021b\u0103 de mediu \u0219i s\u0103n\u0103tatea dumneavoastr\u0103 \u0219i a celor dragi.<\/p>\n<p>Imprimeul tradi\u021bional moldovenesc, \u00eempreun\u0103 cu elementele verzi proaspete, adaug\u0103 o not\u0103 de prospe\u021bime \u0219i naturale\u021be oric\u0103rei mese. Fiecare detaliu este o declara\u021bie de frumuse\u021be \u0219i tradi\u021bie, transform\u00e2nd fiecare mas\u0103 \u00eentr-o experien\u021b\u0103 memorabil\u0103.<\/p>\n<p>Adaug\u0103 o not\u0103 de farmec \u0219i tradi\u021bie \u00een casa ta cu fa\u021ba noastr\u0103 de mas\u0103 din bumbac. Un cadou perfect pentru a oferi un strop de autenticitate \u0219i rafinament celor dragi.<\/p>\n","protected":false},"excerpt":{"rendered":"<p>Transform\u0103-\u021bi masa \u00eentr-o oper\u0103 de art\u0103 autentic\u0103 \u0219i plin\u0103 de tradi\u021bie cu fa\u021ba noastr\u0103 de mas\u0103 din bumbac, o pies\u0103 ce \u00eembin\u0103 frumuse\u021bea ornamentelor tradi\u021bionale moldovene\u0219ti cu calitatea \u0219i aten\u021bia la detalii. Cu dimensiunile sale de 150*240cm, aceast\u0103 fa\u021b\u0103 de mas\u0103 este perfect\u0103 pentru a completa orice decor, fie c\u0103 este vorba de \u00eent\u00e2lniri festive [&hellip;]<\/p>\n","protected":false},"featured_media":33624,"comment_status":"open","ping_status":"closed","template":"","meta":[],"product_brand":[],"product_cat":[275,258,260],"product_tag":[],"class_list":{"0":"post-33628","1":"product","2":"type-product","3":"status-publish","4":"has-post-thumbnail","6":"product_cat-fete-de-masa","7":"product_cat-produse-pentru-casa","8":"product_cat-textile-bucatarie","10":"first","11":"instock","12":"shipping-taxable","13":"purchasable","14":"product-type-simple"},"_links":{"self":[{"href":"https:\/\/textil.md\/index.php?rest_route=\/wp\/v2\/product\/33628","targetHints":{"allow":["GET"]}}],"collection":[{"href":"https:\/\/textil.md\/index.php?rest_route=\/wp\/v2\/product"}],"about":[{"href":"https:\/\/textil.md\/index.php?rest_route=\/wp\/v2\/types\/product"}],"replies":[{"embeddable":true,"href":"https:\/\/textil.md\/index.php?rest_route=%2Fwp%2Fv2%2Fcomments&post=33628"}],"wp:featuredmedia":[{"embeddable":true,"href":"https:\/\/textil.md\/index.php?rest_route=\/wp\/v2\/media\/33624"}],"wp:attachment":[{"href":"https:\/\/textil.md\/index.php?rest_route=%2Fwp%2Fv2%2Fmedia&parent=33628"}],"wp:term":[{"taxonomy":"product_brand","embeddable":true,"href":"https:\/\/textil.md\/index.php?rest_route=%2Fwp%2Fv2%2Fproduct_brand&post=33628"},{"taxonomy":"product_cat","embeddable":true,"href":"https:\/\/textil.md\/index.php?rest_route=%2Fwp%2Fv2%2Fproduct_cat&post=33628"},{"taxonomy":"product_tag","embeddable":true,"href":"https:\/\/textil.md\/index.php?rest_route=%2Fwp%2Fv2%2Fproduct_tag&post=33628"}],"curies":[{"name":"wp","href":"https:\/\/api.w.org\/{rel}","templated":true}]}}